{"id":2592,"date":"2023-08-08T09:22:07","date_gmt":"2023-08-08T09:22:07","guid":{"rendered":"https:\/\/elearning.ddasproject.eu\/2-scenario-based-activity-for-teachers-dealing-with-quarrels-in-our-school\/"},"modified":"2024-06-27T11:09:30","modified_gmt":"2024-06-27T11:09:30","slug":"2-scenario-based-activity-for-teachers-dealing-with-quarrels-in-our-school","status":"publish","type":"page","link":"https:\/\/elearning.ddasproject.eu\/tr\/2-scenario-based-activity-for-teachers-dealing-with-quarrels-in-our-school\/","title":{"rendered":"2. Senaryoya dayal\u0131 etkinlik (\u00f6\u011fretmenler i\u00e7in): \u201cOkulumuzdaki kavgalarla ba\u015f etmek\u201d"},"content":{"rendered":"<p>[et_pb_section fb_built=&#8221;1&#8243; admin_label=&#8221;Doctors&#8221; _builder_version=&#8221;4.21.2&#8243; custom_padding=&#8221;0px||3px||false|false&#8221; locked=&#8221;off&#8221; global_colors_info=&#8221;{}&#8221;][et_pb_row padding_top_bottom_link_1=&#8221;true&#8221; padding_left_right_link_1=&#8221;true&#8221; _builder_version=&#8221;4.21.2&#8243; background_enable_color=&#8221;off&#8221; use_background_color_gradient=&#8221;on&#8221; background_color_gradient_direction=&#8221;140deg&#8221; background_color_gradient_stops=&#8221;#70277d 0%|rgba(112,39,125,0.55) 100%&#8221; background_color_gradient_start=&#8221;#62de9d&#8221; custom_margin=&#8221;0px||60px||false|false&#8221; custom_padding=&#8221;100px|30px|100px|30px|true|true&#8221; animation_style=&#8221;flip&#8221; border_radii=&#8221;|60px||60px|&#8221; box_shadow_style=&#8221;preset3&#8243; box_shadow_vertical=&#8221;45px&#8221; box_shadow_blur=&#8221;42px&#8221; box_shadow_spread=&#8221;-26px&#8221; box_shadow_color=&#8221;rgba(112,39,125,0.59)&#8221; locked=&#8221;off&#8221; global_colors_info=&#8221;{}&#8221;][et_pb_column type=&#8221;4_4&#8243; _builder_version=&#8221;4.16&#8243; custom_padding=&#8221;|||&#8221; global_colors_info=&#8221;{}&#8221; custom_padding__hover=&#8221;|||&#8221;][et_pb_post_title meta=&#8221;off&#8221; featured_image=&#8221;off&#8221; _builder_version=&#8221;4.21.2&#8243; _module_preset=&#8221;default&#8221; title_level=&#8221;h2&#8243; title_font=&#8221;Roboto|700|||||||&#8221; title_text_align=&#8221;center&#8221; title_text_color=&#8221;#FFFFFF&#8221; title_font_size=&#8221;30px&#8221; global_colors_info=&#8221;{}&#8221; title_2_font_size_tablet=&#8221;30px&#8221; title_2_font_size_phone=&#8221;22px&#8221; title_2_font_size_last_edited=&#8221;on|phone&#8221;][\/et_pb_post_title][\/et_pb_column][\/et_pb_row][\/et_pb_section][et_pb_section fb_built=&#8221;1&#8243; _builder_version=&#8221;4.21.2&#8243; _module_preset=&#8221;default&#8221; global_colors_info=&#8221;{}&#8221;][et_pb_row _builder_version=&#8221;4.21.2&#8243; _module_preset=&#8221;default&#8221; global_colors_info=&#8221;{}&#8221;][et_pb_column type=&#8221;4_4&#8243; _builder_version=&#8221;4.21.2&#8243; _module_preset=&#8221;default&#8221; global_colors_info=&#8221;{}&#8221;][et_pb_text _builder_version=&#8221;4.25.2&#8243; _module_preset=&#8221;default&#8221; header_2_text_color=&#8221;#6f277c&#8221; header_2_font_size=&#8221;22px&#8221; hover_enabled=&#8221;0&#8243; global_colors_info=&#8221;{}&#8221; sticky_enabled=&#8221;0&#8243;]<\/p>\n<h2><b>\u00d6\u011fretmenlere i\u00e7in okuldaki \u00e7at\u0131\u015fmalarla ba\u015f etme yollar\u0131n\u0131 belirlemeye y\u00f6nelik senaryoya dayal\u0131 bir etkinlik<\/b><\/h2>\n<p>[\/et_pb_text][et_pb_text _builder_version=&#8221;4.25.2&#8243; _module_preset=&#8221;default&#8221; hover_enabled=&#8221;0&#8243; global_colors_info=&#8221;{}&#8221; sticky_enabled=&#8221;0&#8243;]<\/p>\n<p><b>\u00d6\u011fretmenler\/okul m\u00fcd\u00fcrleri\/okul personeli (ve\/veya ebeveynler) i\u00e7in \u00e7iftler halinde (veya k\u00fc\u00e7\u00fck gruplar halinde) \u00e7al\u0131\u015fmay\u0131 \u00f6ng\u00f6ren ve okuldaki kavga ve \u015fiddet olaylar\u0131 hakk\u0131nda fark\u0131ndal\u0131k yaratmay\u0131 ve bu olaylar\u0131 \u00f6nlemek i\u00e7in beceri geli\u015ftirmeyi ama\u00e7layan genel tart\u0131\u015fmaya dayal\u0131 senaryo bazl\u0131 bir etkinlik.<\/b><\/p>\n<p>&nbsp;<\/p>\n<p>[\/et_pb_text][\/et_pb_column][\/et_pb_row][et_pb_row _builder_version=&#8221;4.21.2&#8243; _module_preset=&#8221;default&#8221; global_colors_info=&#8221;{}&#8221;][et_pb_column type=&#8221;4_4&#8243; _builder_version=&#8221;4.21.2&#8243; _module_preset=&#8221;default&#8221; global_colors_info=&#8221;{}&#8221;][et_pb_text _builder_version=&#8221;4.25.2&#8243; _module_preset=&#8221;default&#8221; header_text_color=&#8221;#949e38&#8243; header_2_text_color=&#8221;#949e38&#8243; hover_enabled=&#8221;0&#8243; global_colors_info=&#8221;{}&#8221; sticky_enabled=&#8221;0&#8243;]<\/p>\n<h2><strong>Hedefler<\/strong><\/h2>\n<p>[\/et_pb_text][\/et_pb_column][\/et_pb_row][et_pb_row column_structure=&#8221;1_2,1_2&#8243; _builder_version=&#8221;4.21.2&#8243; _module_preset=&#8221;default&#8221; global_colors_info=&#8221;{}&#8221;][et_pb_column type=&#8221;1_2&#8243; _builder_version=&#8221;4.21.2&#8243; _module_preset=&#8221;default&#8221; global_colors_info=&#8221;{}&#8221;][et_pb_blurb title=&#8221;Okulda \u00f6\u011frenciler aras\u0131nda \u00e7at\u0131\u015fmalara yol a\u00e7abilecek sosyal konularda fark\u0131ndal\u0131k yaratmak.&#8221; use_icon=&#8221;on&#8221; font_icon=&#8221;&#x3d;||divi||400&#8243; icon_color=&#8221;#949e38&#8243; icon_placement=&#8221;left&#8221; _builder_version=&#8221;4.25.2&#8243; _module_preset=&#8221;default&#8221; hover_enabled=&#8221;0&#8243; global_colors_info=&#8221;{}&#8221; sticky_enabled=&#8221;0&#8243;][\/et_pb_blurb][\/et_pb_column][et_pb_column type=&#8221;1_2&#8243; _builder_version=&#8221;4.21.2&#8243; _module_preset=&#8221;default&#8221; global_colors_info=&#8221;{}&#8221;][et_pb_blurb title=&#8221;Kavgalar\u0131 ve \u015fiddet olaylar\u0131n\u0131 \u00f6nlemek i\u00e7in ortak \u00e7\u00f6z\u00fcmler \u00fcretmek amac\u0131yla kursiyerlerin (\u00f6\u011fretmenler veya ebeveynler) becerilerini geli\u015ftirmek.&#8221; use_icon=&#8221;on&#8221; font_icon=&#8221;&#x3d;||divi||400&#8243; icon_color=&#8221;#949e38&#8243; icon_placement=&#8221;left&#8221; _builder_version=&#8221;4.25.2&#8243; _module_preset=&#8221;default&#8221; hover_enabled=&#8221;0&#8243; global_colors_info=&#8221;{}&#8221; sticky_enabled=&#8221;0&#8243;][\/et_pb_blurb][\/et_pb_column][\/et_pb_row][et_pb_row column_structure=&#8221;1_3,2_3&#8243; _builder_version=&#8221;4.21.2&#8243; _module_preset=&#8221;default&#8221; global_colors_info=&#8221;{}&#8221;][et_pb_column type=&#8221;1_3&#8243; _builder_version=&#8221;4.21.2&#8243; _module_preset=&#8221;default&#8221; global_colors_info=&#8221;{}&#8221;][et_pb_text _builder_version=&#8221;4.25.2&#8243; _module_preset=&#8221;default&#8221; header_text_color=&#8221;#949e38&#8243; header_2_text_color=&#8221;#949e38&#8243; hover_enabled=&#8221;0&#8243; global_colors_info=&#8221;{}&#8221; sticky_enabled=&#8221;0&#8243;]<\/p>\n<h2><b>Ayr\u0131lmas\u0131 i\u00e7in belirlenen s\u00fcre<\/b><\/h2>\n<p>[\/et_pb_text][\/et_pb_column][et_pb_column type=&#8221;2_3&#8243; _builder_version=&#8221;4.21.2&#8243; _module_preset=&#8221;default&#8221; global_colors_info=&#8221;{}&#8221;][et_pb_text _builder_version=&#8221;4.25.2&#8243; _module_preset=&#8221;default&#8221; hover_enabled=&#8221;0&#8243; global_colors_info=&#8221;{}&#8221; sticky_enabled=&#8221;0&#8243;]<\/p>\n<p>50-70 <span style=\"font-weight: 400;\">dakika<\/span><\/p>\n<p>&nbsp;<\/p>\n<p>[\/et_pb_text][\/et_pb_column][\/et_pb_row][et_pb_row column_structure=&#8221;1_3,2_3&#8243; _builder_version=&#8221;4.21.2&#8243; _module_preset=&#8221;default&#8221; global_colors_info=&#8221;{}&#8221;][et_pb_column type=&#8221;1_3&#8243; _builder_version=&#8221;4.21.2&#8243; _module_preset=&#8221;default&#8221; global_colors_info=&#8221;{}&#8221;][et_pb_text _builder_version=&#8221;4.25.2&#8243; _module_preset=&#8221;default&#8221; header_text_color=&#8221;#949e38&#8243; header_2_text_color=&#8221;#949e38&#8243; hover_enabled=&#8221;0&#8243; global_colors_info=&#8221;{}&#8221; sticky_enabled=&#8221;0&#8243;]<\/p>\n<h2><b>Y\u00f6neten &amp; hedef kitle<\/b><\/h2>\n<p>[\/et_pb_text][\/et_pb_column][et_pb_column type=&#8221;2_3&#8243; _builder_version=&#8221;4.21.2&#8243; _module_preset=&#8221;default&#8221; global_colors_info=&#8221;{}&#8221;][et_pb_text _builder_version=&#8221;4.25.2&#8243; _module_preset=&#8221;default&#8221; hover_enabled=&#8221;0&#8243; global_colors_info=&#8221;{}&#8221; sticky_enabled=&#8221;0&#8243;]<\/p>\n<p><span style=\"font-weight: 400;\">\u00d6\u011fretmen: Bir veya daha fazla e\u011fitmen\/e\u011fitmenin ko\u00e7u<\/span><\/p>\n<p><span style=\"font-weight: 400;\">6-15 yeti\u015fkin \u00f6\u011frenci \u2013 okul \u00f6\u011fretmeni\/personel ve hatta ebeveyn<\/span><\/p>\n<p>[\/et_pb_text][\/et_pb_column][\/et_pb_row][et_pb_row column_structure=&#8221;1_3,2_3&#8243; _builder_version=&#8221;4.21.2&#8243; _module_preset=&#8221;default&#8221; locked=&#8221;off&#8221; global_colors_info=&#8221;{}&#8221;][et_pb_column type=&#8221;1_3&#8243; _builder_version=&#8221;4.21.2&#8243; _module_preset=&#8221;default&#8221; global_colors_info=&#8221;{}&#8221;][et_pb_text _builder_version=&#8221;4.25.2&#8243; _module_preset=&#8221;default&#8221; header_text_color=&#8221;#949e38&#8243; header_2_text_color=&#8221;#949e38&#8243; hover_enabled=&#8221;0&#8243; global_colors_info=&#8221;{}&#8221; sticky_enabled=&#8221;0&#8243;]<\/p>\n<h2>Malzemeler ve Kaynaklar \u2013 ara\u00e7lar<\/h2>\n<p>&nbsp;<\/p>\n<p>[\/et_pb_text][\/et_pb_column][et_pb_column type=&#8221;2_3&#8243; _builder_version=&#8221;4.21.2&#8243; _module_preset=&#8221;default&#8221; global_colors_info=&#8221;{}&#8221;][et_pb_text _builder_version=&#8221;4.25.2&#8243; _module_preset=&#8221;default&#8221; link_font=&#8221;||||on||||&#8221; hover_enabled=&#8221;0&#8243; global_colors_info=&#8221;{}&#8221; sticky_enabled=&#8221;0&#8243;]<\/p>\n<p><span style=\"font-weight: 400;\"> S\u0131n\u0131f ortam\u0131:<\/span><\/p>\n<ul>\n<li style=\"font-weight: 400;\" aria-level=\"1\"><span style=\"font-weight: 400;\">durum \u00e7al\u0131\u015fmas\u0131 senaryosunun metni (burada bas\u0131lm\u0131\u015f olarak mevcuttur) \u2013 ekip ba\u015f\u0131na bir metin<\/span><\/li>\n<\/ul>\n<ul>\n<li style=\"font-weight: 400;\" aria-level=\"1\"><span style=\"font-weight: 400;\">S\u0131n\u0131f veya ka\u011f\u0131t tahta ve kalemler<\/span><\/li>\n<\/ul>\n<p><span style=\"font-weight: 400;\">E-e\u011fitim ortam\u0131:<\/span><\/p>\n<ul>\n<li style=\"font-weight: 400;\" aria-level=\"1\"><span style=\"font-weight: 400;\">\u00c7evrimi\u00e7i toplant\u0131n\u0131z\u0131 ayr\u0131 oturumlara b\u00f6lmenize olanak tan\u0131yan ara odalar\u0131n\u0131 etkinle\u015ftirme (kulland\u0131\u011f\u0131n\u0131z platforma ba\u011fl\u0131 olarak, mesela: <\/span><a href=\"https:\/\/support.zoom.us\/hc\/en-us\/articles\/206476093-Enabling-meeting-breakout-rooms\"><span style=\"font-weight: 400;\">Zoom<\/span><\/a><span style=\"font-weight: 400;\"> or <\/span><a href=\"https:\/\/help.webex.com\/en-us\/article\/nroo6fs\/Breakout-sessions-in-meetings-and-webinars\"><span style=\"font-weight: 400;\">Webex<\/span><\/a><span style=\"font-weight: 400;\"> bilgi i\u00e7in t\u0131klayabilirsiniz).<\/span><\/li>\n<li style=\"font-weight: 400;\" aria-level=\"1\"><span style=\"font-weight: 400;\">Beyaz tahtay\u0131 di\u011fer kat\u0131l\u0131mc\u0131larla payla\u015fman\u0131za olanak tan\u0131yan beyaz tahta \u00f6zelli\u011fi (kulland\u0131\u011f\u0131n\u0131z platforma ba\u011fl\u0131 olarak, \u00f6rne\u011fin Zoom veya Webex, kullan\u0131m k\u0131lavuzu i\u00e7in t\u0131klayabilirsiniz).<\/span><\/li>\n<li style=\"font-weight: 400;\" aria-level=\"1\">\n<p><span style=\"font-weight: 400;\">Alternatif olarak, \u00e7evrimi\u00e7i bir ortamda payla\u015f\u0131lan bir Google .doc veya dropbox belgesini kullanabilirsiniz. Google Drive&#8217;dan dosyalar\u0131n nas\u0131l payla\u015f\u0131laca\u011f\u0131na ili\u015fkin bilgi <\/span><span style=\"font-weight: 400;\">\u00a0Dropbox Paper belgesinin nas\u0131l olu\u015fturulaca\u011f\u0131na ili\u015fkin bilgi<\/span><\/p>\n<\/li>\n<\/ul>\n<p><span style=\"font-weight: 400;\"><a href=\"https:\/\/support.google.com\/docs\/answer\/2494822\" target=\"_blank\" rel=\"noopener\">Instructions on how to share files from Google Drive <\/a><\/span><span style=\"font-weight: 400;\"><br \/><\/span><a href=\"https:\/\/help.dropbox.com\/files-folders\/paper\/create-doc\" target=\"_blank\" rel=\"noopener\"><span style=\"font-weight: 400;\">Instructions on How to create a Dropbox Paper doc<\/span><\/a><\/p>\n<p>&nbsp;<\/p>\n<p>[\/et_pb_text][\/et_pb_column][\/et_pb_row][et_pb_row _builder_version=&#8221;4.21.2&#8243; _module_preset=&#8221;default&#8221; global_colors_info=&#8221;{}&#8221;][et_pb_column type=&#8221;4_4&#8243; _builder_version=&#8221;4.21.2&#8243; _module_preset=&#8221;default&#8221; global_colors_info=&#8221;{}&#8221;][et_pb_text _builder_version=&#8221;4.25.2&#8243; _module_preset=&#8221;default&#8221; header_text_color=&#8221;#949e38&#8243; header_2_text_color=&#8221;#949e38&#8243; hover_enabled=&#8221;0&#8243; global_colors_info=&#8221;{}&#8221; sticky_enabled=&#8221;0&#8243;]<\/p>\n<h2><b>Metodoloji \u2013 Y\u00f6neten e\u011fitmen i\u00e7in a\u015famalar<\/b><\/h2>\n<ol>\n<li><span style=\"font-weight: 400;\">Al\u0131\u015ft\u0131rman\u0131n amac\u0131n\u0131 kat\u0131l\u0131mc\u0131lara a\u00e7\u0131klay\u0131n. \u00d6rne\u011fin: &#8220;Bu aktivite s\u0131ras\u0131nda okulunuzda meydana gelen ger\u00e7ek kavgalar \u00fczerinde tart\u0131\u015faca\u011f\u0131z ve bunlara nas\u0131l m\u00fcdahale edebilece\u011fimiz ve bunlar\u0131 \u00f6nleyebilece\u011fimiz konusunda ele\u015ftirel bir \u015fekilde d\u00fc\u015f\u00fcnece\u011fiz&#8221;.<\/span><\/li>\n<li><span style=\"font-weight: 400;\">Temel kurallar\u0131 belirleyin. Yeti\u015fkin kursiyerlere bu alan\u0131n \u00f6zg\u00fcr, g\u00fcvenli ve a\u00e7\u0131k oldu\u011funu, herkesin katk\u0131s\u0131n\u0131n e\u015fit derecede de\u011ferli oldu\u011funu ve birbirlerine sayg\u0131 g\u00f6sterdikleri s\u00fcrece hi\u00e7bir fikrin k\u00f6t\u00fc olmad\u0131\u011f\u0131n\u0131 a\u00e7\u0131klay\u0131n.<\/span><\/li>\n<li><span style=\"font-weight: 400;\">Kursiyerleri k\u00fc\u00e7\u00fck gruplara ay\u0131r\u0131n (en fazla 3-4 ki\u015fi).<\/span><\/li>\n<li><span style=\"font-weight: 400;\">\u00a0Her \u00e7ifte (veya k\u00fc\u00e7\u00fck gruba) kendi senaryolar\u0131n\u0131 geli\u015ftirmek i\u00e7in a\u015fa\u011f\u0131daki giri\u015fi sunun (bunun bir bildirisi de mevcut):<\/span><\/li>\n<\/ol>\n<p><i><span style=\"font-weight: 400;\">\u201cOkulumuzda \u00e7ok s\u0131k\/zaman zaman kavga ve \u015fiddet olaylar\u0131 ya\u015fan\u0131yor. Erkekler ve k\u0131zlar, di\u011fer \u00fclkelerin \u00e7ocuklar\u0131, rakip tak\u0131mlar\u0131n taraftarlar\u0131, farkl\u0131 sosyo-ekonomik k\u00f6kenden gelen \u00f6\u011frenciler veya \u2026\u2026\u2026. (daha fazla bilgi vermekte \u00f6zg\u00fcrs\u00fcn\u00fcz) birbirleriyle s\u0131kl\u0131kla s\u00f6zl\u00fc veya fiziksel \u00e7at\u0131\u015fma i\u00e7indeler ve hatta bazen teneff\u00fcslerde veya okuldan sonra \u201ckavga\u201d d\u00fczenledikleri bile oluyor. Bu olaylar\u0131n arkas\u0131nda yatan nedenler ise \u015funlar&#8230;. Sonu\u00e7 olarak,&#8230;&#8230;..&#8221;<\/span><\/i><\/p>\n<ol start=\"5\">\n<li><span style=\"font-weight: 400;\">T\u00fcm \u00e7iftlerden ki\u015fisel deneyim, bilgi ve g\u00f6r\u00fc\u015flerine dayanarak senaryolar\u0131n\u0131 geli\u015ftirmelerini isteyin. Kat\u0131l\u0131mc\u0131lar\u0131n her olas\u0131 durum i\u00e7in bir senaryoyu yazmalar\u0131n\u0131 ve \u00e7at\u0131\u015fman\u0131n arkas\u0131nda yatan nedenleri ve sonu\u00e7lar\u0131 a\u00e7\u0131klamalar\u0131n\u0131 isteyin. Gruplara yard\u0131mc\u0131 olmak ve y\u00f6n vermek i\u00e7in a\u015fa\u011f\u0131daki sorular\u0131 sorun:<\/span><\/li>\n<\/ol>\n<ul>\n<li style=\"font-weight: 400;\" aria-level=\"1\"><span style=\"font-weight: 400;\">Neler oluyor?<\/span><\/li>\n<\/ul>\n<ul>\n<li style=\"font-weight: 400;\" aria-level=\"1\"><span style=\"font-weight: 400;\"> Bu \u00e7at\u0131\u015fmaya kimler dahil ve kimler etkilendi?<\/span><\/li>\n<\/ul>\n<ul>\n<li style=\"font-weight: 400;\" aria-level=\"1\"><span style=\"font-weight: 400;\"> Bu \u00e7at\u0131\u015fman\u0131n arkas\u0131nda yatan sebepler nelerdir?<\/span><\/li>\n<\/ul>\n<ul>\n<li style=\"font-weight: 400;\" aria-level=\"1\"><span style=\"font-weight: 400;\">Bunun sonu\u00e7lar\u0131 nelerdir?<\/span><\/li>\n<\/ul>\n<p><span style=\"font-weight: 400;\">S\u0131n\u0131f ortam\u0131nda veya \u00e7evrimi\u00e7i grup tart\u0131\u015fmalar\u0131nda y\u00fcz y\u00fcze grup tart\u0131\u015fmalar\u0131 yapabilir, hatta e-e\u011fitim platformunda birbirinize ki\u015fisel\/\u00f6zel mesajlar g\u00f6nderebilirsiniz.<\/span><\/p>\n<ol start=\"6\">\n<li><span style=\"font-weight: 400;\">\u00a0Her tak\u0131ma haz\u0131rlanmalar\u0131 i\u00e7in 15-20 dakika verin.<\/span><\/li>\n<li><span style=\"font-weight: 400;\">T\u00fcm \u00e7iftlerden\/gruplardan bir s\u00f6zc\u00fc g\u00f6revlendirmelerini ve g\u00f6revleri hakk\u0131ndaki d\u00fc\u015f\u00fcncelerini\/cevaplar\u0131n\u0131 sunmalar\u0131n\u0131 isteyin. Sunum yapmalar\u0131 i\u00e7in onlara 5 dakika verin.<\/span><\/li>\n<li><span style=\"font-weight: 400;\"> Ko\u00e7 olarak, sunumlar bittikten sonra, sunulan \u00e7at\u0131\u015fma\/\u015fiddet olaylar\u0131ndan kaynaklanan konulara odaklanan bir tart\u0131\u015fma konusu a\u00e7abilirsiniz.<\/span><\/li>\n<\/ol>\n<ul>\n<li style=\"font-weight: 400;\" aria-level=\"1\"><span style=\"font-weight: 400;\"> \u00c7at\u0131\u015fmaya kat\u0131lan gruplar\u0131n yan\u0131 s\u0131ra \u00f6\u011frenci-g\u00f6zlemcilerin ve \u00f6\u011fretmenlerin duygular\u0131 neler?<\/span><\/li>\n<li style=\"font-weight: 400;\" aria-level=\"1\"><span style=\"font-weight: 400;\"> Okulda geli\u015fen ortam nas\u0131ld\u0131r?<\/span><\/li>\n<li style=\"font-weight: 400;\" aria-level=\"1\"><span style=\"font-weight: 400;\">B\u00f6yle bir ortamda herkesin insan haklar\u0131na sayg\u0131 g\u00f6sterildi\u011fini s\u00f6yleyebilir miyiz?<\/span><\/li>\n<li style=\"font-weight: 400;\" aria-level=\"1\"><span style=\"font-weight: 400;\">Bu durumu de\u011fi\u015ftirmek i\u00e7in kim harekete ge\u00e7ebilir?<\/span><\/li>\n<li style=\"font-weight: 400;\" aria-level=\"1\"><span style=\"font-weight: 400;\">Ne yap\u0131lmas\u0131 gerekiyor?<\/span><\/li>\n<\/ul>\n<p>&nbsp;<\/p>\n<p><span style=\"font-weight: 400;\">Bireysel olarak (\u00f6\u011fretmenler d\u00fczeyinde) veya kolektif olarak okul d\u00fczeyinde fikir ve \u00e7\u00f6z\u00fcmler aray\u0131n, ancak ayn\u0131 zamanda ailenin, yerel yetkililerin, sivil toplum kurulu\u015flar\u0131n\u0131n, medyan\u0131n vb. rollerinden de bahsetti\u011finizden emin olun.<\/span><\/p>\n<p>[\/et_pb_text][\/et_pb_column][\/et_pb_row][et_pb_row column_structure=&#8221;1_3,2_3&#8243; _builder_version=&#8221;4.21.2&#8243; _module_preset=&#8221;default&#8221; locked=&#8221;off&#8221; global_colors_info=&#8221;{}&#8221;][et_pb_column type=&#8221;1_3&#8243; _builder_version=&#8221;4.21.2&#8243; _module_preset=&#8221;default&#8221; global_colors_info=&#8221;{}&#8221;][et_pb_text _builder_version=&#8221;4.25.2&#8243; _module_preset=&#8221;default&#8221; header_text_color=&#8221;#949e38&#8243; header_2_text_color=&#8221;#949e38&#8243; hover_enabled=&#8221;0&#8243; global_colors_info=&#8221;{}&#8221; sticky_enabled=&#8221;0&#8243;]<\/p>\n<h2><b>Bilgilendirme ve de\u011ferlendirme<\/b><\/h2>\n<p>[\/et_pb_text][\/et_pb_column][et_pb_column type=&#8221;2_3&#8243; _builder_version=&#8221;4.21.2&#8243; _module_preset=&#8221;default&#8221; global_colors_info=&#8221;{}&#8221;][et_pb_text _builder_version=&#8221;4.25.2&#8243; _module_preset=&#8221;default&#8221; link_font=&#8221;||||on||||&#8221; hover_enabled=&#8221;0&#8243; global_colors_info=&#8221;{}&#8221; sticky_enabled=&#8221;0&#8243;]<\/p>\n<p><span style=\"font-weight: 400;\">Bir e\u011fitmen olarak, okul ortamlar\u0131ndaki benzer olaylar\u0131 \u00f6nlemek ve bunlara m\u00fcdahale etmek i\u00e7in temel y\u00f6nergeler ve iyi uygulamalar olu\u015fturarak notlar tutun.<\/span><\/p>\n<p>[\/et_pb_text][\/et_pb_column][\/et_pb_row][et_pb_row column_structure=&#8221;1_3,2_3&#8243; _builder_version=&#8221;4.21.2&#8243; _module_preset=&#8221;default&#8221; locked=&#8221;off&#8221; global_colors_info=&#8221;{}&#8221;][et_pb_column type=&#8221;1_3&#8243; _builder_version=&#8221;4.21.2&#8243; _module_preset=&#8221;default&#8221; global_colors_info=&#8221;{}&#8221;][et_pb_text _builder_version=&#8221;4.25.2&#8243; _module_preset=&#8221;default&#8221; header_text_color=&#8221;#949e38&#8243; header_2_text_color=&#8221;#949e38&#8243; hover_enabled=&#8221;0&#8243; global_colors_info=&#8221;{}&#8221; sticky_enabled=&#8221;0&#8243;]<\/p>\n<h2><b>E\u011fitmen i\u00e7in ipu\u00e7lar\u0131<\/b><\/h2>\n<p>&nbsp;<\/p>\n<p>[\/et_pb_text][\/et_pb_column][et_pb_column type=&#8221;2_3&#8243; _builder_version=&#8221;4.21.2&#8243; _module_preset=&#8221;default&#8221; global_colors_info=&#8221;{}&#8221;][et_pb_text _builder_version=&#8221;4.25.2&#8243; _module_preset=&#8221;default&#8221; link_font=&#8221;||||on||||&#8221; hover_enabled=&#8221;0&#8243; global_colors_info=&#8221;{}&#8221; sticky_enabled=&#8221;0&#8243;]<\/p>\n<p><span style=\"font-weight: 400;\">E\u011fitmen olarak, \u00f6\u011frencilerin aktif kat\u0131l\u0131m\u0131yla okul d\u00fczeyinde tasarlanan ve uygulanan demokratik eylemlere dayal\u0131 etkili \u00e7at\u0131\u015fma \u00e7\u00f6zme yollar\u0131n\u0131n \u00f6rneklerini gruba sunabilirsiniz. Bunlar spor ve e\u011fitim programlar\u0131, \u00f6\u011frenci kampanyalar\u0131, k\u00fclt\u00fcrleraras\u0131 m\u00fczik, yemek vb. festivalleri, ebeveynleri, velileri, \u00f6\u011fretmenleri ve \u00f6\u011frencileri i\u00e7eren faaliyetler ve bar\u0131\u015f\u00e7\u0131l \u00e7\u00f6z\u00fcmler sunan ve demokratik diyalo\u011fu, insan haklar\u0131n\u0131, i\u015fbirli\u011fini ve kat\u0131l\u0131m\u0131 te\u015fvik eden di\u011fer aktiviteler olabilir.<\/span><\/p>\n<p>[\/et_pb_text][\/et_pb_column][\/et_pb_row][et_pb_row column_structure=&#8221;1_3,2_3&#8243; _builder_version=&#8221;4.21.2&#8243; _module_preset=&#8221;default&#8221; locked=&#8221;off&#8221; global_colors_info=&#8221;{}&#8221;][et_pb_column type=&#8221;1_3&#8243; _builder_version=&#8221;4.21.2&#8243; _module_preset=&#8221;default&#8221; global_colors_info=&#8221;{}&#8221;][et_pb_text _builder_version=&#8221;4.25.2&#8243; _module_preset=&#8221;default&#8221; header_text_color=&#8221;#949e38&#8243; header_2_text_color=&#8221;#949e38&#8243; hover_enabled=&#8221;0&#8243; global_colors_info=&#8221;{}&#8221; sticky_enabled=&#8221;0&#8243;]<\/p>\n<h2><b>Takip \u00f6nerileri<\/b><\/h2>\n<p>&nbsp;<\/p>\n<p>[\/et_pb_text][\/et_pb_column][et_pb_column type=&#8221;2_3&#8243; _builder_version=&#8221;4.21.2&#8243; _module_preset=&#8221;default&#8221; global_colors_info=&#8221;{}&#8221;][et_pb_text _builder_version=&#8221;4.25.2&#8243; _module_preset=&#8221;default&#8221; link_font=&#8221;||||on||||&#8221; hover_enabled=&#8221;0&#8243; global_colors_info=&#8221;{}&#8221; sticky_enabled=&#8221;0&#8243;]<\/p>\n<ul>\n<li style=\"font-weight: 400;\" aria-level=\"1\"><span style=\"font-weight: 400;\">Etkinli\u011fi yaparken neler hissettiniz?<\/span><\/li>\n<li style=\"font-weight: 400;\" aria-level=\"1\"><span style=\"font-weight: 400;\">Bu aktiviteyi yapman\u0131n zorluklar\u0131ndan biri neydi?<\/span><\/li>\n<li style=\"font-weight: 400;\" aria-level=\"1\"><span style=\"font-weight: 400;\">M\u00fccadele s\u0131ras\u0131nda ya\u015fanan olumlu bir \u015fey neydi?<\/span><\/li>\n<li style=\"font-weight: 400;\" aria-level=\"1\"><span style=\"font-weight: 400;\">Bu aktiviteden sonra nas\u0131l hissediyorsunuz?<\/span><\/li>\n<\/ul>\n<p>[\/et_pb_text][\/et_pb_column][\/et_pb_row][et_pb_row column_structure=&#8221;1_3,2_3&#8243; _builder_version=&#8221;4.21.2&#8243; _module_preset=&#8221;default&#8221; locked=&#8221;off&#8221; global_colors_info=&#8221;{}&#8221;][et_pb_column type=&#8221;1_3&#8243; _builder_version=&#8221;4.21.2&#8243; _module_preset=&#8221;default&#8221; global_colors_info=&#8221;{}&#8221;][et_pb_text _builder_version=&#8221;4.25.2&#8243; _module_preset=&#8221;default&#8221; header_text_color=&#8221;#949e38&#8243; header_2_text_color=&#8221;#949e38&#8243; hover_enabled=&#8221;0&#8243; global_colors_info=&#8221;{}&#8221; sticky_enabled=&#8221;0&#8243;]<\/p>\n<h2><b>Referans\/<\/b><\/h2>\n<h2><b>kaynak:<\/b><\/h2>\n<p>[\/et_pb_text][\/et_pb_column][et_pb_column type=&#8221;2_3&#8243; _builder_version=&#8221;4.21.2&#8243; _module_preset=&#8221;default&#8221; global_colors_info=&#8221;{}&#8221;][et_pb_text _builder_version=&#8221;4.25.2&#8243; _module_preset=&#8221;default&#8221; link_font=&#8221;||||on||||&#8221; hover_enabled=&#8221;0&#8243; global_colors_info=&#8221;{}&#8221; sticky_enabled=&#8221;0&#8243;]<\/p>\n<p><span style=\"font-weight: 400;\">Etkinlik a\u015fa\u011f\u0131daki kayna\u011fa dayanmaktad\u0131r:<\/span><\/p>\n<p><span style=\"font-weight: 400;\"> Avrupa Konseyi&#8217;nden \u201cSosyal seferberlik\u00a0 &#8211;\u00a0 \u00d6rnek olay\u201d etkinli\u011fi (2021, s.30). OKULLARDAK\u0130 TARTI\u015eMALARIN \u0130NSAN HAKLARI VE VATANDA\u015eLIK E\u011e\u0130T\u0130M\u0130 YOLUYLA ELE ALINMASI: Bar\u0131\u015f \u0130\u00e7inde Bir Arada Ya\u015fama ve \u0130leti\u015fim, \u00c7at\u0131\u015fma \u00c7\u00f6z\u00fcm\u00fc, Sosyal Seferberlik. \u00d6\u011fretmenler i\u00e7in E\u011fitim Ara\u00e7 Seti. \u201cYunanistan, Kuzey Makedonya ve Bulgaristan Okullar\u0131nda Bilgi Payla\u015f\u0131m\u0131, Tart\u0131\u015fmalar\u0131n Ele Al\u0131nmas\u0131\u201d projesi kapsam\u0131nda geli\u015ftirildi. Yazarlar: A. Telliou, K. Pantziou, A. Radevska, G. Decheva, T. Hristova, Eyl\u00fcl 2021. <\/span><a href=\"https:\/\/skhc.antigone.gr\/wp-content\/uploads\/2021\/11\/SKHC-Toolkit_ENG_FINAL.pdf\"><span style=\"font-weight: 400;\">https:\/\/skhc.antigone.gr\/wp-content\/uploads\/2021\/11\/SKHC-Toolkit_ENG_FINAL.pdf<\/span><\/a><\/p>\n<p>[\/et_pb_text][\/et_pb_column][\/et_pb_row][et_pb_row column_structure=&#8221;1_3,2_3&#8243; _builder_version=&#8221;4.21.2&#8243; _module_preset=&#8221;default&#8221; locked=&#8221;off&#8221; global_colors_info=&#8221;{}&#8221;][et_pb_column type=&#8221;1_3&#8243; _builder_version=&#8221;4.21.2&#8243; _module_preset=&#8221;default&#8221; global_colors_info=&#8221;{}&#8221;][et_pb_text _builder_version=&#8221;4.25.2&#8243; _module_preset=&#8221;default&#8221; header_text_color=&#8221;#949e38&#8243; header_2_text_color=&#8221;#949e38&#8243; hover_enabled=&#8221;0&#8243; global_colors_info=&#8221;{}&#8221; sticky_enabled=&#8221;0&#8243;]<\/p>\n<h2><b>Ek kaynaklar ve ilgili materyal<\/b><\/h2>\n<p>&nbsp;<\/p>\n<p>[\/et_pb_text][\/et_pb_column][et_pb_column type=&#8221;2_3&#8243; _builder_version=&#8221;4.21.2&#8243; _module_preset=&#8221;default&#8221; global_colors_info=&#8221;{}&#8221;][et_pb_text _builder_version=&#8221;4.25.2&#8243; _module_preset=&#8221;default&#8221; link_font=&#8221;||||on||||&#8221; hover_enabled=&#8221;0&#8243; global_colors_info=&#8221;{}&#8221; sticky_enabled=&#8221;0&#8243;]<\/p>\n<p>Washington \u00dcniversitesi Sosyal Hizmet Okulu. (2011). Zor s\u0131n\u0131f durumlar\u0131yla ba\u015fa \u00e7\u0131kmak.<\/p>\n<p><a href=\"https:\/\/socialwork.uw.edu\/sites\/default\/files\/sswfiles\/teaching\/Dealing%20With%20Difficult%20Classroom%20Situations%202011.pdf\" target=\"_blank\" rel=\"noopener\"><span style=\"font-weight: 400;\">https:\/\/socialwork.uw.edu\/sites\/default\/files\/sswfiles\/teaching\/Dealing%20With%20Difficult%20Classroom%20Situations%202011.pdf<\/span><\/a><\/p>\n<p>[\/et_pb_text][\/et_pb_column][\/et_pb_row][et_pb_row column_structure=&#8221;1_2,1_2&#8243; _builder_version=&#8221;4.21.2&#8243; _module_preset=&#8221;default&#8221; global_colors_info=&#8221;{}&#8221;][et_pb_column type=&#8221;1_2&#8243; _builder_version=&#8221;4.21.2&#8243; _module_preset=&#8221;default&#8221; global_colors_info=&#8221;{}&#8221;][et_pb_button button_url=&#8221;https:\/\/elearning.ddasproject.eu\/wp-content\/uploads\/2023\/08\/ddas_module-0_activity2-handout.pdf&#8221; url_new_window=&#8221;on&#8221; button_text=&#8221;Bildiri&#8221; button_alignment=&#8221;center&#8221; _builder_version=&#8221;4.25.2&#8243; _module_preset=&#8221;default&#8221; custom_button=&#8221;on&#8221; button_bg_color=&#8221;#949e38&#8243; background_layout=&#8221;dark&#8221; hover_enabled=&#8221;0&#8243; global_colors_info=&#8221;{}&#8221; sticky_enabled=&#8221;0&#8243;][\/et_pb_button][\/et_pb_column][et_pb_column type=&#8221;1_2&#8243; _builder_version=&#8221;4.21.2&#8243; _module_preset=&#8221;default&#8221; global_colors_info=&#8221;{}&#8221;][et_pb_button button_url=&#8221;https:\/\/elearning.ddasproject.eu\/wp-content\/uploads\/2023\/08\/ddas_module-0_activity2.pdf&#8221; url_new_window=&#8221;on&#8221; button_text=&#8221;PDF S\u00fcr\u00fcm\u00fc&#8221; button_alignment=&#8221;center&#8221; _builder_version=&#8221;4.25.2&#8243; _module_preset=&#8221;default&#8221; custom_button=&#8221;on&#8221; button_bg_color=&#8221;#949e38&#8243; background_layout=&#8221;dark&#8221; hover_enabled=&#8221;0&#8243; global_colors_info=&#8221;{}&#8221; sticky_enabled=&#8221;0&#8243;][\/et_pb_button][\/et_pb_column][\/et_pb_row][et_pb_row _builder_version=&#8221;4.21.2&#8243; _module_preset=&#8221;default&#8221; global_colors_info=&#8221;{}&#8221;][et_pb_column type=&#8221;4_4&#8243; _builder_version=&#8221;4.21.2&#8243; _module_preset=&#8221;default&#8221; global_colors_info=&#8221;{}&#8221;][et_pb_button button_url=&#8221;https:\/\/elearning.ddasproject.eu\/courses\/module-0\/&#8221; url_new_window=&#8221;on&#8221; button_text=&#8221;Mod\u00fcle Geri D\u00f6n&#8221; button_alignment=&#8221;center&#8221; _builder_version=&#8221;4.25.2&#8243; _module_preset=&#8221;default&#8221; custom_button=&#8221;on&#8221; button_bg_color=&#8221;#6f277c&#8221; background_layout=&#8221;dark&#8221; hover_enabled=&#8221;0&#8243; global_colors_info=&#8221;{}&#8221; sticky_enabled=&#8221;0&#8243;][\/et_pb_button][\/et_pb_column][\/et_pb_row][\/et_pb_section]<\/p>\n","protected":false},"excerpt":{"rendered":"<p>\u00d6\u011fretmenlere i\u00e7in okuldaki \u00e7at\u0131\u015fmalarla ba\u015f etme yollar\u0131n\u0131 belirlemeye y\u00f6nelik senaryoya dayal\u0131 bir etkinlik\u00d6\u011fretmenler\/okul m\u00fcd\u00fcrleri\/okul personeli (ve\/veya ebeveynler) i\u00e7in \u00e7iftler halinde (veya k\u00fc\u00e7\u00fck gruplar halinde) \u00e7al\u0131\u015fmay\u0131 \u00f6ng\u00f6ren ve okuldaki kavga ve \u015fiddet olaylar\u0131 hakk\u0131nda fark\u0131ndal\u0131k yaratmay\u0131 ve bu olaylar\u0131 \u00f6nlemek i\u00e7in beceri geli\u015ftirmeyi ama\u00e7layan genel tart\u0131\u015fmaya dayal\u0131 senaryo bazl\u0131 bir etkinlik. &nbsp;HedeflerAyr\u0131lmas\u0131 i\u00e7in belirlenen s\u00fcre50-70 dakika [&hellip;]<\/p>\n","protected":false},"author":1,"featured_media":0,"parent":0,"menu_order":0,"comment_status":"closed","ping_status":"closed","template":"","meta":{"_acf_changed":false,"_et_pb_use_builder":"on","_et_pb_old_content":"","_et_gb_content_width":"","footnotes":""},"class_list":["post-2592","page","type-page","status-publish","hentry"],"acf":[],"_links":{"self":[{"href":"https:\/\/elearning.ddasproject.eu\/tr\/wp-json\/wp\/v2\/pages\/2592","targetHints":{"allow":["GET"]}}],"collection":[{"href":"https:\/\/elearning.ddasproject.eu\/tr\/wp-json\/wp\/v2\/pages"}],"about":[{"href":"https:\/\/elearning.ddasproject.eu\/tr\/wp-json\/wp\/v2\/types\/page"}],"author":[{"embeddable":true,"href":"https:\/\/elearning.ddasproject.eu\/tr\/wp-json\/wp\/v2\/users\/1"}],"replies":[{"embeddable":true,"href":"https:\/\/elearning.ddasproject.eu\/tr\/wp-json\/wp\/v2\/comments?post=2592"}],"version-history":[{"count":3,"href":"https:\/\/elearning.ddasproject.eu\/tr\/wp-json\/wp\/v2\/pages\/2592\/revisions"}],"predecessor-version":[{"id":5987,"href":"https:\/\/elearning.ddasproject.eu\/tr\/wp-json\/wp\/v2\/pages\/2592\/revisions\/5987"}],"wp:attachment":[{"href":"https:\/\/elearning.ddasproject.eu\/tr\/wp-json\/wp\/v2\/media?parent=2592"}],"curies":[{"name":"wp","href":"https:\/\/api.w.org\/{rel}","templated":true}]}}